{"id":8,"date":"2012-10-01T13:54:13","date_gmt":"2012-10-01T11:54:13","guid":{"rendered":"http:\/\/new.hyjek.pl\/wordpress\/?page_id=8"},"modified":"2025-04-22T21:37:11","modified_gmt":"2025-04-22T19:37:11","slug":"biografia","status":"publish","type":"page","link":"https:\/\/jan.hyjek.pl\/?page_id=8","title":{"rendered":"Biografia"},"content":{"rendered":"<h4 style=\"text-align: justify; line-height: normal;\"><span style=\"color: #993300;\"><strong>JAN HYJEK <\/strong>rocznik 1957. Debiutowa\u0142 w 1976 r. tekstami satyrycznymi w <strong>Programie III Polskiego Radia<\/strong>, a w &#8222;<strong>Powt\u00f3rce z rozrywki<\/strong>&#8221; jako autor tekst\u00f3w, kompozytor i wykonawca piosenek. Wraz z siostrami <span style=\"color: #333300;\"><strong>Ma\u0142gorzat\u0105<\/strong> i <strong>Agnieszk\u0105<\/strong><\/span>; <strong><strong>Renat\u0105<\/strong> (<strong>Agat\u0105<\/strong>) Wybieralsk\u0105<\/strong> oraz innymi osobami koncertowa\u0142 w klubach studenckich, pocz\u0105tkowo dziel\u0105c mikrofon z zaprzyja\u017anionym, a rodz\u0105cym si\u0119 zespo\u0142em <strong>Krzysztofa Myszkowskiego<\/strong> &#8211; <strong>Stare Dobre Ma\u0142\u017ce\u0144stwo<\/strong>. Pierwsze piosenki, jako kompozytor, tworzy\u0142 na prze\u0142omie lat 1970-80 do \u015bwietnych tekst\u00f3w swojej siostry <strong>Ma\u0142gosi<\/strong>. Dzia\u0142a\u0142 w ruchu teatralnym, prowadz\u0105c liczne grupy teatralne, wystawia\u0142 tak\u017ce w\u0142asne sztuki. Nie omin\u0105\u0142 go kabaret (<strong>Tosca<\/strong> -wsp\u00f3\u0142praca m. in. z <strong>Justyn\u0105 Szafran<\/strong> i muzykami <strong>Marzen\u0105 Osiewicz<\/strong> i <strong>Andrzejem Matuszem<\/strong>, <strong>\u0141OiMY<\/strong> &#8211; zesp\u00f3\u0142 10 osobowy, <strong>Rewolwer<\/strong> 2004 &#8211; z<strong> Beat\u0105 Nykiel<\/strong> i <strong>Romanem Sadowskim<\/strong>), tworzy\u0142 piosenki we wsp\u00f3\u0142pracy z kompozytorami <strong>Jackiem Skowro\u0144skim, <\/strong>prof. <strong>Zbyszkiem Kozubem, Wojtkiem Winiarskim (Good Staff)<\/strong>. Ostatnio (2023 r.) nawi\u0105zanie wsp\u00f3\u0142pracy artystycznej z Zespo\u0142em <strong>POD STRZECH\u0104<\/strong>.<\/span><\/h4>\n<p><span style=\"color: #800000;\">Listopad 2022 r. &#8211; dosta\u0142em w niesamowitym prezencie&#8230; co\u015b wyj\u0105tkowego &#8211; <strong>&#8222;Ballad\u0119 dla Jana Hyjka&#8221;<\/strong> &#8211; zgadnijcie od kogo!!!<\/span><\/p>\n<h4 style=\"text-align: justify; line-height: normal;\"><span style=\"color: #993300;\">Jego piosenki \u015bpiewali publicznie: <strong>Krzysztof Myszkowski<\/strong> SDM <a href=\"https:\/\/www.youtube.com\/watch?v=UGmK40t1jgo\">https:\/\/www.youtube.com\/watch?v=UGmK40t1jgo<\/a>, <strong>Justyna Szafran<\/strong>, <strong>Ewa G\u0142owacka-Fierek<\/strong>, aktorka Teatru Nowego w Poznaniu <strong>Bo\u017cena Borowska<\/strong>, <strong>Michalina Brudnowska<\/strong> z grup\u0105 Good Staff, <strong>Anna Winiarska<\/strong> z grup\u0105 Good Staff, <\/span><span style=\"color: #000000;\"><strong>Joanna Skowro\u0144ska<\/strong><\/span><span style=\"color: #993300;\"> z towarzyszeniem <strong><span style=\"color: #000000;\">Jacka Skowro\u0144skiego<\/span><\/strong> (aran\u017ce piosenek &#8211; muzyki i tekst\u00f3w Jana Hyjka + fortepian + kompozycje &#8211; muzyka Jacka Skowro\u0144skiego) <\/span>PIE\u015aNI &#8211; link: <a href=\"https:\/\/www.youtube.com\/watch?v=iEKQy9g2JoA\"><strong>https:\/\/www.youtube.com\/watch?v=iEKQy9g2JoA<\/strong><\/a>\u00a0 oraz: POWIEDZ MI CO\u015a &#8211; link: <strong>https:\/\/www.youtube.com\/watch?v=LXDKQFa_BT0<\/strong><\/h4>\n<h4 style=\"text-align: justify; line-height: normal;\"><span style=\"color: #993300;\"><strong>Beata Nykiel<\/strong>, <strong>Roman Sadowski<\/strong>, a dawniej\u00a0 <span style=\"color: #333300;\"><strong>Ma\u0142gorzata<\/strong> i <strong>Agnieszka Hyjek <\/strong><\/span><a href=\"https:\/\/www.youtube.com\/watch?v=7SN1JXNGCVA\">https:\/\/www.youtube.com\/watch?v=7SN1JXNGCVA<\/a>, <strong>Agata Wybieralska<\/strong>, <span style=\"color: #000080;\"><strong>Teresa Strzy\u017c<\/strong><\/span> i <strong>Tadeusz Szuka\u0142a<\/strong>, <strong>Zuzanna Walczak<\/strong>, <strong>Barbara Walczak<\/strong>, <strong>Anna Hyjek<\/strong> oraz cz\u0142onkowie zespo\u0142\u00f3w teatralnych i wokalnych, a ostatnio Zesp\u00f3\u0142 <strong>POD STRZECH\u0104<\/strong>!!!<\/span><\/h4>\n<p>Dzi\u0119kuj\u0119 za liczne i bardzo przychylne komentarze na temat tego bloga\/strony jednak ze wzgl\u0119du na setki rosyjskoj\u0119zycznych &#8222;wpis\u00f3w&#8221; &#8211; spamu&#8230; musia\u0142em zablokowa\u0107 mo\u017cliwo\u015b\u0107 komentowania. Nie spodziewa\u0142em si\u0119 tylu dobrych s\u0142\u00f3w! Dzi\u0119kuj\u0119.<\/p>\n<p><span style=\"color: #993300;\">Zapraszam na mojego na fanpage na Facebooku <a href=\"https:\/\/www.facebook.com\/hyjekjan\/\"><strong>https:\/\/www.facebook.com\/hyjekjan\/<\/strong><\/a><\/span><\/p>\n<ul>\n<li><a href=\"https:\/\/www.youtube.com\/watch?v=IwiIsfg4iEo\">https:\/\/www.youtube.com\/watch?v=IwiIsfg4iEo<\/a><\/li>\n<li><a href=\"https:\/\/www.youtube.com\/watch?v=7SN1JXNGCVA\">https:\/\/www.youtube.com\/watch?v=7SN1JXNGCVA<\/a><\/li>\n<li><a href=\"https:\/\/www.youtube.com\/watch?v=z2Jhc0Vyv98\">https:\/\/www.youtube.com\/watch?v=z2Jhc0Vyv98<\/a><\/li>\n<\/ul>\n<h4 style=\"text-align: justify; line-height: normal;\"><span style=\"color: #993300;\">Id\u0105c \u015bladem ojca od 15 roku \u017cycia lata\u0142 sportowo na szybowcach, a p\u00f3\u017aniej na samolotach w <strong>Aeroklubie Pozna\u0144skim<\/strong>. Skaka\u0142 ze spadochronem. Zosta\u0142 technikiem elektronikiem, odby\u0142 dwuletni\u0105 s\u0142u\u017cb\u0119 wojskow\u0105 w \u015aremie (by\u0142 tr\u0119baczem pu\u0142ku) i na pozna\u0144skiej \u0141awicy. Armia, to temat jego pierwszej napisanej w latach 1986-89 powie\u015bci -KLEPSYDRA JA\u0179NI (wydana w 2019 roku). Uko\u0144czy\u0142 dzienne studia pedagogiczne (UAM, WNS) w Poznaniu.<\/span><\/h4>\n<h4><span style=\"color: #808080;\">Miejsca zamieszkania: Rybno Wielkie, Iwno, \u0141aziska, Wroc\u0142aw, Suchy Las, Pozna\u0144, sfery duchowe.<\/span><\/h4>\n<p><span style=\"color: #993366;\">Wa\u017cny i pi\u0119kny \u015blad w sercu: <strong>Ewa Czarniecka<\/strong> (\u017cy\u0142a lat 19), by\u0142a przyja\u017a\u0144 i wsp\u00f3lna praca \u00a0&#8211; zesp\u00f3\u0142 wokalno-instrumentalny 1977-79, teatr amatorski i wystawione 2 razy Jase\u0142ka * jest\u00a0<strong>ul. Ewy Czarnieckiej<\/strong> w Suchym Lesie * <strong>EC<\/strong> &#8211; osoba w wydanej w 2019 powie\u015bci <strong>Klepsydra ja\u017ani,<\/strong> czyli armia s\u0142abeuszy * <strong>Ewie Czarnieckiej<\/strong> s\u0105 dedykowane piosenki autorstwa JH<\/span><\/p>\n<h4><span style=\"color: #3366ff;\">Lata\u0142 na lotniach, czego nie bez \u017calu zaniecha\u0142. Z Ch\u00f3rem UAM koncertowa\u0142 w kraju i za granic\u0105. Biegacz\u00a0 i zagorza\u0142y autostopowicz. Mi\u0142o\u015bnik muzyki powa\u017cnej i Tatr. Zami\u0142owany fotografik. Rze\u017abi w drewnie i kamieniu. W swoich ksi\u0105\u017ckach opublikowa\u0142 swoje grafiki. Jego prace malarskie\/graficzne s\u0105 tre\u015bci\u0105 ok\u0142adek ksi\u0105\u017cek, fotografie s\u0105 na ok\u0142adkach p\u0142yt.<\/span><\/h4>\n<h4><span style=\"color: #808000;\">15 lat \u017cycia zabra\u0142a mu w\u0142asnor\u0119czna budowa domu. Murowa\u0142, betonowa\u0142, tynkowa\u0142, gipsowa\u0142, przybija\u0142, ci\u0105\u0142 i spawa\u0142&#8230;, bo umia\u0142, ale czego serdecznie nie lubi\u0142.<\/span><\/h4>\n<h4><span style=\"color: #808000;\">12 lat przepracowa\u0142 w szkolnictwie. Realizowa\u0142 sw\u00f3j program telewizyjny. Bywa\u0142 konferansjerem<br \/>\ni wodzirejem. W liceach prowadzi\u0142 wyk\u0142ady z tematyki prorodzinnej. Uczy\u0142 ta\u0144ca towarzyskiego.<\/span><\/h4>\n<h4><span style=\"color: #808080;\">Po operacji na strunach g\u0142osowych rozsta\u0142 si\u0119 z zawodem nauczyciela. 23 lata pracowa\u0142 jako urz\u0119dnik samorz\u0105dowy (do emerytury). Z \u017con\u0105 Teres\u0105 wychowuje pi\u0119cioro dzieci. Mia\u0142 z \u017con\u0105 do\u015bwiadczenie (10 lat) w temacie adopcja i przysposobienie.<\/span><\/h4>\n<h4><span style=\"color: #666699;\">Dzia\u0142a\u0142 w <strong>Komitecie Obywatelskim<\/strong>.<\/span><\/h4>\n<h4><span style=\"color: #993300;\">Wyda\u0142 powie\u015bci: &#8211;<strong>Nie ogl\u0105daj si\u0119 wstecz<\/strong> &#8211; (&#8222;Hlondianum&#8221; 1997 r., 2004 r.) i &#8211; <strong>Ko\u0142a czasu<\/strong> &#8211; (2004 r.). W 2006r. ukaza\u0142 si\u0119 w niewielkim nak\u0142adzie subskrypcyjnym tomik 101 piosenek &#8211; <strong>Zbudzone zmilczenia<\/strong> &#8211; wydany w 2008 roku przez Wojew\u00f3dzk\u0105 Bibliotek\u0119 Publiczn\u0105 i Centrum Animacji Kultury w Poznaniu. <strong>Sporna \u015aliwka<\/strong> &#8211; 2008 Oficyna Wydawnicza G&amp;P.\u00a0<strong><em>KLEPSYDRA JA\u0179NI, czyli armia s\u0142abeuszy<\/em><\/strong>\u00a0 JAN HYJEK s 287, Wydanie I, Pozna\u0144 2019\u00a0 \u00a0 ISBN 978-83-66194-01-4 Wydawca: Drukarnia Wielkopolska Sp. z o.o. (powie\u015b\u0107 dedykowana\u00a0 \u00a0 \u00a0 \u00a0 \u00a0 \u00a0 \u00a0 \u00a0 \u00a0 \u00a0 \u00a0 \u00a0 \u00a0 \u00a0 \u00a0 \u00a0 \u00a0 <strong>\u015bp. Ewie Czarnieckiej<\/strong>)<\/span><\/h4>\n<h4><span style=\"color: #993300;\">Jest laureatem kilkunastu konkurs\u00f3w literackich w kategorii prozy i poezji. Otrzyma\u0142 mi\u0119dzy innymi wyr\u00f3\u017cnienia w og\u00f3lnopolskich konkursach na powie\u015b\u0107 dla dzieci za powie\u015b\u0107 przygodow\u0105 &#8211; SPORNA \u015aLIWKA (by\u0142a nominowana do nagrody im. Kornela Makuszy\u0144skiego).<\/span><\/h4>\n<h4><span style=\"color: #808080;\">Po 28 latach przerwy powr\u00f3ci\u0142 (na 7 kolejnych lat) do latania szybowcowego w <strong>Aeroklubie Pozna\u0144skim<\/strong>.<\/span><\/h4>\n<h4><span style=\"color: #993300;\">Wielokrotnie bywa\u0142 konferansjerem: pierwsze koncerty <strong>Starego Dobrego Ma\u0142\u017ce\u0144stwa<\/strong>, np. koncert (5000 widz\u00f3w, plener -&#8222;Teatralka&#8221; w Poznaniu) <strong>Mietka Szcze\u015bniaka, Anny Marii Jopek, Kasi Stankiewicz<\/strong>. * &#8222;Ostatnio&#8221; w 30 rocznic\u0119 pierwszego koncertu Krzysztofa Myszkowskiego SDM \u2013 w Auli UAM 13. 12. 2013 roku, by\u0142 scenografem, tr\u0119baczem i konferansjerem\u00a0 w czasie <strong>jubileuszowego koncertu Starego Dobrego Ma\u0142\u017ce\u0144stwa w Auli UA<\/strong>M 13. 12. 2013 roku oraz wsp\u00f3\u0142-wykonawc\u0105 ( w duecie z Krzysztofem Myszkowskim) ostatniego &#8222;numeru&#8221; programu &#8211; swojej Piosenki frustracyjnej, co poczytuje sobie jako zaszczyt. * <strong>Scenografia<\/strong>\u00a0 (&#8222;Windows 12&#8221;) w Auli UAM<strong> 4. 03. 2015 r. &#8211; koncert Krzysztofa Myszkowskiego SDM &#8222;WINYLOWO&#8221; w sali wype\u0142nionej &#8222;po brzegi&#8221; i z &#8222;dostawkami&#8221;. Na 35. lecie Zespo\u0142u SDM scenografia: mityczny Ikarus linii 82 (jak w piosence), a potem 3 kolejne scenografie w nast\u0119pnych latach.<br \/>\n<\/strong><\/span><\/h4>\n<h4><span style=\"color: #800080;\">Odbywa liczne, dynamicznie prowadzone <strong>spotkania autorskie<\/strong>.<\/span><\/h4>\n<h4><span style=\"color: #808000;\">Go\u015bcinny udzia\u0142 w nagraniach zespo\u0142u <strong>Hlev<\/strong> (2009) &#8211; autorski pastisz.<\/span><\/h4>\n<h4><span style=\"color: #808000;\">Zesp\u00f3\u0142 <strong>Stare Dobre Ma\u0142\u017ce\u0144stwo<\/strong>: <strong>Krzysztof Myszkowski<\/strong> za\u015bpiewa\u0142, zagra\u0142 i nagra\u0142\u00a0 jego Piosenk\u0119 Frustracyjn\u0105.<\/span><\/h4>\n<h2><span style=\"color: #808000;\">Ukaza\u0142 si\u0119 (10 pa\u017adziernika 2016 r.) dwup\u0142ytowy album SDM Memorabilia, na kt\u00f3rym znalaz\u0142y si\u0119 muzyczne, g\u0142osowe, tekstowe<br \/>\ni fletowe \u015blady Jana Hyjka, obok innych, kt\u00f3rzy w pocz\u0105tkach zespo\u0142u SDM zaznaczyli swoj\u0105 obecno\u015b\u0107.<\/span><\/h2>\n<p>Nagrania Wroc\u0142aw 2014 &#8211; producent K. M. SDM<\/p>\n<p><span style=\"color: #993300;\">W 30 rocznic\u0119 pierwszego koncertu Krzysztofa Myszkowskiego &#8211; koncert (w tym promocja nowej p\u0142yty SDM &#8211; M\u00d3WI M\u0104DRO\u015a\u0106) w Auli UAM 13. 12. 2013 roku, \u015bpiewali Piosenk\u0119 Frustracyjn\u0105 w duecie (po ostatnim bisie) Krzysztof Myszkowski i Jan Hyjek. <strong><a title=\"strona internetowa Starego Dobrego Ma\u0142\u017ce\u0144stwa\" href=\"http:\/\/sdm-myszkowski.com\/\" target=\"_blank\" rel=\"noopener noreferrer\"><span style=\"color: #993300;\"><em>www.sdm-myszkowski.com<\/em><\/span><\/a><\/strong>\u00a0\u00a0\u00a0\u00a0\u00a0\u00a0 Na scenie sta\u0142a stara gitara Defil Jana Hyjka, na kt\u00f3rej w\u00f3wczas &#8211; 30 lat temu Krzysztof gra\u0142&#8230; Po koncercie by\u0142a feta i tort w kszta\u0142cie gitary. Podzi\u0119kowania nale\u017c\u0105 si\u0119 obecnym na koncercie Fanom zespo\u0142u SDM za tak serdeczne przyj\u0119cie. W holu mo\u017cna by\u0142o ogl\u0105da\u0107 wystaw\u0119 &#8211; stare fotografie SDM z pocz\u0105tk\u00f3w istnienia Zespo\u0142u &#8211; wystaw\u0119 przygotowa\u0142 Rados\u0142aw Balicki, kt\u00f3ry z Janem Hyjkiem prowadzi\u0142 konferansjerk\u0119, ale te\u017c by\u0142 organizatorem jubileuszowego koncertu. Mi\u0142o by\u0142o go\u015bci\u0107 grono profesor\u00f3w naszej Alma Mater i kole\u017ce\u0144stwo z czas\u00f3w studi\u00f3w na WNS!<\/span><\/p>\n<h4><span style=\"color: #993300;\">(W zak\u0142adce MUZYKA: gra i \u015bpiewa <strong>Krzysztof Myszkowski<\/strong> SDM; piosenki -kompozycje z w\u0142asnymi tekstami wykonuje <strong>Jan Hyjek<\/strong>; \u015bpiewa i gra na b\u0119benku: <strong>Agnieszka Hyjek<\/strong> -Nagrania z roku 1993\u00a0 oraz z roku 2014.)<\/span><\/h4>\n<h1><\/h1>\n","protected":false},"excerpt":{"rendered":"<p>JAN HYJEK rocznik 1957. Debiutowa\u0142 w 1976 r. tekstami satyrycznymi w Programie III Polskiego Radia, a w &#8222;Powt\u00f3rce z rozrywki&#8221; jako autor tekst\u00f3w, kompozytor i wykonawca piosenek. Wraz z siostrami Ma\u0142gorzat\u0105 i Agnieszk\u0105; Renat\u0105 (Agat\u0105) Wybieralsk\u0105 oraz innymi osobami koncertowa\u0142 &hellip; <a href=\"https:\/\/jan.hyjek.pl\/?page_id=8\">Czytaj dalej <span class=\"meta-nav\">&rarr;<\/span><\/a><\/p>\n","protected":false},"author":1,"featured_media":0,"parent":0,"menu_order":2,"comment_status":"open","ping_status":"open","template":"onecolumn-page.php","meta":{"footnotes":""},"class_list":["post-8","page","type-page","status-publish","hentry"],"_links":{"self":[{"href":"https:\/\/jan.hyjek.pl\/index.php?rest_route=\/wp\/v2\/pages\/8","targetHints":{"allow":["GET"]}}],"collection":[{"href":"https:\/\/jan.hyjek.pl\/index.php?rest_route=\/wp\/v2\/pages"}],"about":[{"href":"https:\/\/jan.hyjek.pl\/index.php?rest_route=\/wp\/v2\/types\/page"}],"author":[{"embeddable":true,"href":"https:\/\/jan.hyjek.pl\/index.php?rest_route=\/wp\/v2\/users\/1"}],"replies":[{"embeddable":true,"href":"https:\/\/jan.hyjek.pl\/index.php?rest_route=%2Fwp%2Fv2%2Fcomments&post=8"}],"version-history":[{"count":129,"href":"https:\/\/jan.hyjek.pl\/index.php?rest_route=\/wp\/v2\/pages\/8\/revisions"}],"predecessor-version":[{"id":1359,"href":"https:\/\/jan.hyjek.pl\/index.php?rest_route=\/wp\/v2\/pages\/8\/revisions\/1359"}],"wp:attachment":[{"href":"https:\/\/jan.hyjek.pl\/index.php?rest_route=%2Fwp%2Fv2%2Fmedia&parent=8"}],"curies":[{"name":"wp","href":"https:\/\/api.w.org\/{rel}","templated":true}]}}