{"id":258,"date":"2013-06-04T11:18:16","date_gmt":"2013-06-04T09:18:16","guid":{"rendered":"http:\/\/jan.hyjek.pl\/?page_id=258"},"modified":"2026-01-17T12:04:52","modified_gmt":"2026-01-17T11:04:52","slug":"wywiady","status":"publish","type":"page","link":"https:\/\/jan.hyjek.pl\/?page_id=258","title":{"rendered":"Wywiady"},"content":{"rendered":"<p style=\"text-align: center;\">Drobny powr\u00f3t do przesz\u0142o\u015bci czyli strona do wywiadu ze mn\u0105 na temat 30. rocznicy istnienia Starego Dobrego Ma\u0142\u017ce\u0144stwa sprzed lat bo w 2013 roku <strong>POLECAM wszystkim Fanom Krzy\u015bka Myszkowskiego i Jego SDM: https:\/\/www.youtube.com\/watch?v=y1M5QWFNE1I&amp;t=1717s<\/strong><\/p>\n<p>&nbsp;<\/p>\n<p style=\"text-align: center;\"><strong>Jestem facetem z czarn\u0105 teczk\u0105<\/strong><\/p>\n<ul>\n<li style=\"text-align: center;\"><span style=\"color: #800000;\">Jestem facetem<\/span><\/li>\n<li style=\"text-align: center;\"><span style=\"color: #800000;\">z czarn\u0105 teczk\u0105<\/span><\/li>\n<li style=\"text-align: center;\"><span style=\"color: #800000;\">z p\u0119tlic\u0105 w kwiatki wok\u00f3\u0142 szyi<\/span><\/li>\n<li style=\"text-align: center;\"><span style=\"color: #800000;\">ogniki w oczach czyich\u015b ciesz\u0105<\/span><\/li>\n<li style=\"text-align: center;\"><span style=\"color: #800000;\">gdy grosz zasiej\u0119<\/span><\/li>\n<li style=\"text-align: center;\"><span style=\"color: #800000;\">w kurz ulicy<\/span><\/li>\n<li style=\"text-align: center;\"><\/li>\n<li style=\"text-align: center;\"><span style=\"color: #800000;\">Jestem kl\u0119cz\u0105cym<\/span><\/li>\n<li style=\"text-align: center;\"><span style=\"color: #800000;\">wros\u0142ym w chodnik<\/span><\/li>\n<li style=\"text-align: center;\"><span style=\"color: #800000;\">opuszczam wzrok poni\u017cej kostek<\/span><\/li>\n<li style=\"text-align: center;\"><span style=\"color: #800000;\">puszka nie g\u0142osi srebrnym gongiem<\/span><\/li>\n<li style=\"text-align: center;\"><span style=\"color: #800000;\">\u017ce mnie kto\u015b dostrzeg\u0142<\/span><\/li>\n<li style=\"text-align: center;\"><\/li>\n<li style=\"text-align: center;\"><span style=\"color: #800000;\">Gdzie\u015b skib\u0119 nieba<\/span><\/li>\n<li style=\"text-align: center;\"><span style=\"color: #800000;\">kroj\u0119 skrzyd\u0142em<\/span><\/li>\n<li style=\"text-align: center;\"><span style=\"color: #800000;\">trepami woja depcz\u0119 pola<\/span><\/li>\n<li style=\"text-align: center;\"><span style=\"color: #800000;\">odgniatam \u0142okcie w tafli biurka<\/span><\/li>\n<li style=\"text-align: center;\"><span style=\"color: #800000;\">wci\u0105\u017c mnie w pami\u0119ci wi\u0119zi szko\u0142a<\/span><\/li>\n<li style=\"text-align: center;\"><\/li>\n<li style=\"text-align: center;\"><span style=\"color: #800000;\">W\u0119drowcem jestem<\/span><\/li>\n<li style=\"text-align: center;\"><span style=\"color: #800000;\">jak lodowiec<\/span><\/li>\n<li style=\"text-align: center;\"><span style=\"color: #800000;\">topniej\u0119 w wolnym swym posuwie<\/span><\/li>\n<li style=\"text-align: center;\"><span style=\"color: #800000;\">a twarda przestrze\u0144 we mnie \u017c\u0142obi<\/span><\/li>\n<li style=\"text-align: center;\"><span style=\"color: #800000;\">pust\u0105 nadziej\u0119 bez znieczule\u0144<\/span><\/li>\n<li style=\"text-align: center;\"><\/li>\n<li style=\"text-align: center;\"><span style=\"color: #800000;\">Tak id\u0105 we mnie te postaci<\/span><\/li>\n<li style=\"text-align: center;\"><span style=\"color: #800000;\">tak id\u0105 obok \u017cywe zjawy<\/span><\/li>\n<li style=\"text-align: center;\"><span style=\"color: #800000;\">co masz<\/span><\/li>\n<li style=\"text-align: center;\"><span style=\"color: #800000;\">kim jeste\u015b kim ty by\u0142e\u015b<\/span><\/li>\n<li style=\"text-align: center;\"><span style=\"color: #800000;\">jeste\u015b nie jeste\u015b<\/span><\/li>\n<li style=\"text-align: center;\"><span style=\"color: #800000;\">zyskasz tracisz<\/span><\/li>\n<li style=\"text-align: center;\"><\/li>\n<li style=\"text-align: center;\"><span style=\"color: #800000;\">Jest \u017cycie uwi\u0119zione ca\u0142e<\/span><\/li>\n<li style=\"text-align: center;\"><span style=\"color: #800000;\">a jednak \u017cyje gdzie zasiane<\/span><\/li>\n<li style=\"text-align: center;\"><span style=\"color: #800000;\">wychud\u0142e<\/span><\/li>\n<li style=\"text-align: center;\"><span style=\"color: #800000;\">w z\u0142ocie<\/span><\/li>\n<li style=\"text-align: center;\"><span style=\"color: #800000;\">s\u0142awne<\/span><\/li>\n<li style=\"text-align: center;\"><span style=\"color: #800000;\">znojne<\/span><\/li>\n<li style=\"text-align: center;\"><span style=\"color: #800000;\">puste<\/span><\/li>\n<li style=\"text-align: center;\"><span style=\"color: #800000;\">soczyste<\/span><\/li>\n<li style=\"text-align: center;\"><span style=\"color: #800000;\">bogobojne<\/span><\/li>\n<li style=\"text-align: center;\"><\/li>\n<\/ul>\n<p><strong>Drugie, oficjalne CZTERDZIESTOLECIE<\/strong> Starego Dobrego Ma\u0142\u017ce\u0144stwa &#8211; koncerty na Majdanie &#8211; Schronisko Anio\u0142\u00f3w (Bieszczady) 16-17. 08. 2024 r. A ja mam co\u015b do tego, gdyby Kto\u015b pyta\u0142: Co ja do tego mam? Polecam wydawnictwo muzyczne: 3 p\u0142yty CD i winylowa &#8211; SDM &#8222;STACHURA&#8221; oraz album fotograficzny po\u015bwi\u0119cony koncertom SDM w Schronisku Anio\u0142\u00f3w z fotografiami Krzysztofa Koszewskiego.<\/p>\n<p><strong>CZTERDZIESTOLECIE<\/strong> Starego Dobrego Ma\u0142\u017ce\u0144stwa &#8211; koncert 12. 12. 2023 r. w auli UAM Pozna\u0144&#8230; Mam co\u015b do tego, gdyby Kto\u015b pyta\u0142: Co ja do tego mam?<\/p>\n<p>Pod koniec koncertu Niespodzianka dla Krzysztofa: <strong>Affabre Concinui<\/strong> z sercem i talentem wykona\u0142o (PI\u0118KNIE, z perfekcj\u0105) melodi\u0119 &#8222;Z podw\u00f3rka&#8221; (Orzech starzeje si\u0119 po w\u0142osku&#8230;) <strong>Krzysia Myszkowskiego SDM<\/strong> (opracowan\u0105 muzycznie na g\u0142osy m\u0119skie przez <strong>Przemys\u0142awa Czeka\u0142\u0119<\/strong>) z okoliczno\u015bciowym tekstem JH (tekst poni\u017cej) dla Krzysztofa w 40. rocznic\u0119 pierwszego koncertu 12. 12. 1983 r.<\/p>\n<p>Zaistnia\u0142a te\u017c ostatnia, po\u017cegnalna scenografia JH &#8211; przylecia\u0142o 6 ANIO\u0141\u00d3W. Wybrzmia\u0142a ze sceny historyczna zapowied\u017a wyg\u0142oszona przez JH, by\u0142a &#8222;komunia&#8221; Edwarda Stachury grana przez Krzysia i Ariego Sidorowicza wraz z fletow\u0105 improwizacj\u0105 sprzed lat gran\u0105 przez Jana Hyjka, pi\u0119kny tekst Krzysztofa wyg\u0142oszony przez JH, wreszcie 2 pie\u015bni grane przez pierwszy SK\u0141AD rodz\u0105cego si\u0119 SDM.<\/p>\n<p>Pojawi\u0142y si\u0119 kwiaty przys\u0142ane przez Viol\u0119 i Radka Balickich, balony &#8222;40&#8221;. Zabrzmia\u0142o 100 lat &#8211; spontanicznie wykonane przez publiczno\u015b\u0107. Obecnych by\u0142o oko\u0142o\u00a0 10 os\u00f3b &#8211; uczestnik\u00f3w pierwszego koncertu rodz\u0105cego si\u0119 SDM.<\/p>\n<h2>Na czterdziestolecie Es-De-eM Krzysztofa Myszkowskiego 2023 r. na 40. lecie SDM Krzysztofa Myszkowskiego<\/h2>\n<ul>\n<li style=\"text-align: center;\">Krzy\u015b nie starzeje si\u0119 po prostu<\/li>\n<li style=\"text-align: center;\">twarda si\u0119 pod nim toczy ziemia<\/li>\n<li style=\"text-align: center;\">ze sceny jak z niebia\u0144skich most\u00f3w<\/li>\n<li style=\"text-align: center;\">\u015bpiewem swym nasze serca zmienia<\/li>\n<li style=\"text-align: center;\"><\/li>\n<li style=\"text-align: center;\">Za jego g\u0142osem anio\u0142owie<\/li>\n<li style=\"text-align: center;\">a za s\u0142owami my ukradkiem<\/li>\n<li style=\"text-align: center;\">\u0142apiemy dobro kt\u00f3rym cz\u0142owiek<\/li>\n<li style=\"text-align: center;\">syty tym pi\u0119knem pozostaje<\/li>\n<li style=\"text-align: center;\"><\/li>\n<li style=\"text-align: center;\">Bo\u017cym wys\u0142a\u0144cem jest jak wiosna<\/li>\n<li style=\"text-align: center;\">co dobro\u0107 wsz\u0119dzie wok\u00f3\u0142 sieje<\/li>\n<li style=\"text-align: center;\">gitary strun czarowne krosna<\/li>\n<li style=\"text-align: center;\">g\u0142osem swym wzbudz\u0105 w nas nadziej\u0119<\/li>\n<li style=\"text-align: center;\"><\/li>\n<li style=\"text-align: center;\">Krzy\u015b nie starzeje si\u0119 zwyczajnie<\/li>\n<li style=\"text-align: center;\">dop\u00f3ki w sercach naszych \u015bpiewa<\/li>\n<li style=\"text-align: center;\">melodie wzesz\u0142y idealnie<\/li>\n<li style=\"text-align: center;\">w czterdziestoletni ju\u017c poemat<\/li>\n<li style=\"text-align: center;\"><\/li>\n<li style=\"text-align: center;\">Krzysztof starzeje si\u0119 radosny<\/li>\n<li style=\"text-align: center;\">jak wino mu\u015bnie nas po g\u0142owie<\/li>\n<li style=\"text-align: center;\">jego piosenki nuci ziemia<\/li>\n<li style=\"text-align: center;\">niech w cz\u0142eku lepszy b\u0119dzie cz\u0142owiek!<\/li>\n<li style=\"text-align: center;\"><\/li>\n<li style=\"text-align: center;\">I chocia\u017c \u015bwiata to nie zbawi<\/li>\n<li style=\"text-align: center;\">nie minie z\u0142a tu te\u017c przekle\u0144stwo<\/li>\n<li style=\"text-align: center;\">Krzysiek Myszkowski w podr\u00f3\u017c nas wyprawi<\/li>\n<li style=\"text-align: center;\">przez Stare Dobre swe Ma\u0142\u017ce\u0144stwo<\/li>\n<li style=\"text-align: center;\"><\/li>\n<li style=\"text-align: center;\"><\/li>\n<\/ul>\n<p>2023 r. Na stronie <strong>Instytutu Literatury<\/strong> do obejrzenia\/wys\u0142uchania\u00a0 nagranie fragmentu ksi\u0105\u017cki <span style=\"color: #333333;\">Jana Hyjka<\/span> &#8211; <strong>MIRA\u017bE W ZAMRA\u017bARCE<\/strong> <em>W CIENIU SOLIDARNO\u015aCI<\/em> &#8211; w by\u0142ym wi\u0119zieniu &#8211; Muzeum przy ul. Rakowieckiej w Warszawie. <strong>https:\/\/instytutliteratury.eu\u00a0 \u00a0 \u00a0 i\u00a0 \u00a0 \u00a0https:\/\/nowynapis.eu\/<\/strong><\/p>\n<p>https:\/\/nowynapis.eu\/tygodnik\/nr-191\/artykul\/miraze-w-zamrazarce<\/p>\n<p>&nbsp;<\/p>\n<p>W albumie okoliczno\u015bciowym 100 lat Aeroklubu Pozna\u0144skiego tak\u017ce s\u0105 skromne \u015blady Jana Hyjka.<\/p>\n<p><a href=\"http:\/\/sdm-myszkowski.com\/cpt_news\/pazdzierniku\/\" target=\"_blank\" rel=\"noopener noreferrer\">http:\/\/sdm-myszkowski.com\/cpt_news\/pazdzierniku\/<\/a><\/p>\n<p>8 maja 2016 r. wywiad we Wronkach w zwi\u0105zku z wykonan\u0105 tam na rynku autorsk\u0105 &#8211; Ballad\u0105 o wronieckim osio\u0142ku.\u00a0\u00a0\u00a0\u00a0\u00a0 <a href=\"https:\/\/www.youtube.com\/watch?v=fuhtdUiR-vY\">https:\/\/www.youtube.com\/watch?v=fuhtdUiR-vY<\/a><\/p>\n<p><strong>11 listopada 2013 roku<\/strong>, w Polskim Radiu Merkury w Poznaniu odby\u0142a si\u0119 dwugodzinna audycja pt. \u201eSDM \u2013 30 lat\u201d z go\u015bcinnym udzia\u0142em Jana Hyjka \u2013 zaprzyja\u017anionego z Krzysztofem Myszkowskim. Prowadz\u0105cy audycj\u0119 wraz z go\u015bciem, \u0142\u0105czyli si\u0119 telefonicznie z Krzysztofem Myszkowskim.<br \/>\nAudycja: <a href=\"https:\/\/www.youtube.com\/watch?v=y1M5QWFNE1I\" target=\"_blank\" rel=\"noopener noreferrer\">https:\/\/www.youtube.com\/watch?v=y1M5QWFNE1I<\/a><\/p>\n<p>By\u0142a te\u017c audycja w Radio Afera<strong>.<\/strong><\/p>\n<p>2013 r. wywiad w Telewizji Kablowej Winogrady.<\/p>\n<p>2013 r. Wywiad &#8211; TV Gniezno<strong>.<\/strong><\/p>\n<p><cite>2013 r. Wywiad &#8211; Telewizja Internetrowa w Ostrowie Wielkopolskim<strong>.<\/strong><\/cite><\/p>\n<div data-ved=\"0CCAQ7B0wATgK\">\n<h3><strong><br \/>\nOpinia Internauty (o powie\u015bciach Nie ogl\u0105daj si\u0119 wstecz i Ko\u0142a czasu):<\/strong><\/h3>\n<h3>&#8222;Te dwie ksi\u0105\u017cki to jest dla mnie biblia. Zna\u0142em tylko pierwsz\u0105, dopiero niedawno wysz\u0142a druga i trzyma poziom &#8222;Nie ogl\u0105daj si\u0119 wstecz&#8221;, kto wie, mo\u017ce nawet jest lepsza.<\/h3>\n<h3>A dlaczego je polecam? Poniewa\u017c Jan Hyjek chyba doskonale rozumie wiek nastoletni (czy on nie wyst\u0119puje tam w roli Sapcia ? ;) ), wpl\u0105tuje mn\u00f3stwo my\u015bli, piosenek, cytat\u00f3w, przyg\u00f3d, wierszy, list\u00f3w.<\/h3>\n<h3>Obie ksi\u0105\u017cki: \u0142\u0105cznie ok. 400 stron. Gatunek, trudno powiedzie\u0107. Ksi\u0105\u017cki filozoficzno-obyczajowe. Od kiedy dosta\u0142em &#8222;Ko\u0142a Czasu&#8221; przeczyta\u0142em je 2 razy w ci\u0105gu 3 dni i na pewno jeszcze nieraz po nie si\u0119gn\u0119.&#8221;<\/h3>\n<\/div>\n<h1><span style=\"text-decoration: underline;\">Rozmowa z Janem Hyjkiem -autorem ksi\u0105\u017cek dla m\u0142odzie\u017cy<\/span><\/h1>\n<p><strong>W 2004 roku, \u0142adnych par\u0119 lat temu ukaza\u0142y si\u0119 w pozna\u0144skim Wydawnictwie Hlondianum dwie Twoje ksi\u0105\u017cki \u2013II wydanie -NIE OGL\u0104DAJ SI\u0118 WSTECZ (s 184) i nowo\u015b\u0107 \u2013KO\u0141A CZASU (s 243). Kto jest ich bohaterem i co bohater ma do powiedzenia czytelnikowi?<\/strong><\/p>\n<p>Tak, rzeczywi\u015bcie ksi\u0105\u017cki m\u00f3wi\u0105, oczywi\u015bcie o ile kto\u015b pokona naturalny op\u00f3r pierwszych kilkunastu stron, j\u0119zyka wypowiedzi, zanim oswoi si\u0119 z klimatem i je\u015bli znajdzie w tre\u015bci co\u015b dla siebie. Ka\u017cda ksi\u0105\u017cka ma swojego czytelnika, ale te\u017c \u017cadna ksi\u0105\u017cka poza Pismem \u015awi\u0119tym nie jest dla ka\u017cdego cz\u0142owieka. Z tym trzeba si\u0119 pogodzi\u0107. Rysiek, bohater powie\u015bci nie jest przebojowym typem twardziela, na kt\u00f3rego widok dziewczyny mdlej\u0105, a ch\u0142opcy wol\u0105 zej\u015b\u0107 mu z drogi. Przeciwnie, Rysiek to my\u015bl\u0105cy \u201eokaz\u201d m\u0142odego pokolenia, kt\u00f3ry pr\u00f3buje zastosowa\u0107 poprawny wz\u00f3r, p\u00f3j\u015b\u0107 w\u0142a\u015bciwym, czyli optymalnym szlakiem, po stromiznach, albo bezdro\u017cach \u017cycia, dobrze wykorzysta\u0107 swoj\u0105 m\u0142odo\u015b\u0107 i nie da\u0107 si\u0119 nabra\u0107 na typowe \u017cyciowe pu\u0142apki, na dobrze zareklamowan\u0105 pustk\u0119 dozna\u0144, z kt\u00f3rej potem si\u0119 tak trudno wygrzeba\u0107.<\/p>\n<p><strong>Jakie pu\u0142apki masz na my\u015bli?<\/strong><\/p>\n<p>Pierwsz\u0105 pu\u0142apk\u0105 jest p\u00f3j\u015bcie na \u0142atwizn\u0119. Pu\u0142apk\u0119 \u017cyciowej \u0142atwizny wida\u0107 najlepiej w szkolnej konfrontacji postaw przys\u0142owiowego lenia z cz\u0142owiekiem, kt\u00f3ry osi\u0105gaj\u0105c jak\u0105kolwiek warto\u015b\u0107 musi wykaza\u0107 si\u0119 solidn\u0105 prac\u0105, a i cz\u0119sto rezygnacj\u0105 z wielu przyjemno\u015bci. Konkluduj\u0105c: aby co\u015b osi\u0105gn\u0105\u0107, trzeba wysi\u0142ku, a ten kto omija wysi\u0142ek, idzie na \u017cyciow\u0105 \u0142atwizn\u0119, czyni to na og\u00f3\u0142 kosztem innych ludzi. A \u017ce nic za darmo, tote\u017c pu\u0142apka si\u0119 pr\u0119dzej czy p\u00f3\u017aniej zem\u015bci.<\/p>\n<p><strong>Czyli Tw\u00f3j bohater zmaga si\u0119 ze \u015bwiatem? <\/strong><\/p>\n<p>Nie. On zmaga si\u0119 ze swoj\u0105 pokus\u0105 p\u00f3j\u015bcia na \u0142atwizn\u0119 i wy\u0142apuje nie bez pomocy innych te momenty, w kt\u00f3rych a\u017c si\u0119 prosi aby w kolejn\u0105 pu\u0142apk\u0119 wpa\u015b\u0107. Czas wakacji, g\u00f3rskie w\u0119dr\u00f3wki, przyja\u017anie i budz\u0105ce si\u0119 uczucie do pewnej A\u015bki wp\u0142ywaj\u0105 na ch\u0142opaka dodatnio i co wa\u017cne, nie musi on wypi\u0107 piwa aby \u201epoczu\u0107, \u017ce \u017cyje\u201d. S\u0142owa, wra\u017cenia i zderzenia z problemami buduj\u0105 jego wn\u0119trze i \u015bwiadomo\u015b\u0107 siebie samego. Pi\u0119tnastoletni Rysiek ustala sw\u00f3j szlak, swoj\u0105 drog\u0119 w I tomie, w II jest o dwa lata starszy, zatem prze\u017cywa inne problemy i bywa w trudniejszych sytuacjach. Czasem ma \u201ewi\u0119cej szcz\u0119\u015bcia, ni\u017c rozumu\u201d. Na tym szlaku pojawiaj\u0105 si\u0119 ludzie, oczywi\u015bcie tak\u017ce dziewczyny nies\u0142usznie i z jakim\u015b poni\u017ceniem nazywane dzi\u015b \u201elaskami\u201d, co na dodatek same akceptuj\u0105, nie wspominaj\u0105c o gorszych s\u0142owach na sw\u00f3j temat. Bo&#8230; nazewnictwo te\u017c mo\u017ce by\u0107 pu\u0142apk\u0105 i \u015bwiadectwem, \u017ce cz\u0142owiek si\u0119gaj\u0105cy do pewnych zwrot\u00f3w jest po prostu s\u0142aby i boi si\u0119 u\u017cywa\u0107 porz\u0105dnego j\u0119zyka, zatem \u201emusi\u201d wkupi\u0107 si\u0119 w grup\u0119 j\u0119zykiem nie zawsze pozytywnym. Nie wiem dlaczego jest tak, \u017ce w naszej rzeczywisto\u015bci sporo r\u00f3wie\u015bnik\u00f3w ksi\u0105\u017ckowego Ry\u015bka musi zawsze wdepn\u0105\u0107 w&#8230; b\u0142oto, a jak go nie ma to je zrobi\u0107, \u017ceby mie\u0107 w co wdepn\u0105\u0107?<\/p>\n<p><strong>No w\u0142a\u015bnie, czy ten bohater jest nowoczesny?<\/strong><\/p>\n<p>Na pewno jest wsp\u00f3\u0142czesny, cho\u0107 nie m\u00f3wi slangiem (slang zbyt szybko ulega przemianom), na pewno jest zbuntowany, ale wierny logice wzoru uk\u0142adanych puzzli. Nie dajmy si\u0119 nabra\u0107 na to, \u017ce wszyscy dzisiaj maj\u0105 kom\u00f3rki, \u017ce wszyscy maj\u0105 komputery, a co najwa\u017cniejsze \u201ekas\u0119\u201d. Szkoda jedynie, \u017ce wielu niepotrzebnie cierpi, bo nie ma kom\u00f3rki, komputera, \u201ekasy\u201d. My\u015bl\u0119 natomiast, \u017ce wszyscy miewaj\u0105 wi\u0119ksze lub mniejsze \u017cyciowe problemy i rozterki, ale i zadania \u2013np. (drobiazg ) swoj\u0105 przysz\u0142o\u015b\u0107. Tylko naiwni my\u015bl\u0105, \u017ce to si\u0119 \u201ejako\u015b wszystko samo pouk\u0142ada\u201d. Trzeba w\u0142asnej aktywno\u015bci w \u017cyciu, ale aby m\u00f3c wybra\u0107 kierunek, trzeba mie\u0107 punkt odniesienia, biegun magnetyczny, na kt\u00f3ry ustawi si\u0119 ig\u0142a \u017cyciowego kompasu. Trzeba te\u017c umie\u0107 s\u0142ucha\u0107 innych i wy\u0142apywa\u0107 z morza s\u0142\u00f3w zdania istotne, kt\u00f3re mo\u017cna przeku\u0107 na w\u0142asne, dobre \u017cycie. Szkoda, \u017ce niekt\u00f3rzy trac\u0105 czas wielu lat na kluczenie we mgle tylko dlatego, \u017ce nie lubi\u0105&#8230; drogowskaz\u00f3w i paru gotowych, sprawdzonych wzor\u00f3w.<\/p>\n<p><strong>W KO\u0141ACH CZASU poruszasz te\u017c problemy trudne, intymne&#8230;<\/strong><\/p>\n<p>Ledwo ich dotykam, ale to prawda, \u017ce ksi\u0105\u017cka stwarza mo\u017cliwo\u015b\u0107 intymnej rozmowy. Inteligentny czytelnik wie, co i jak interpretowa\u0107, bo to przecie\u017c on&#8230; \u201episze\u201d jakby drug\u0105 ksi\u0105\u017ck\u0119 w\u0142asnych odczu\u0107, my\u015bli, refleksji i skojarze\u0144 podczas czytania. Z sob\u0105 i \u015bwiatem przegl\u0105da si\u0119 w lustrze \u015bwiata czytanej powie\u015bci. I wcale nie szkodzi, je\u015bli pomy\u015bli: -\u201eTen Rychu jest stukni\u0119ty.\u201d Wiem na pewno, \u017ce niejeden podobny Rysiek istnieje! Dobrze, je\u015bli cho\u0107 kilka zda\u0144, stwierdze\u0144, pyta\u0144 zechce Czytelnik na trwa\u0142e wpisa\u0107 w siebie i swoje \u017cycie.<\/p>\n<p><strong>Na przyk\u0142ad jakie zdanie?<\/strong><\/p>\n<p>S\u0105 ludzie, kt\u00f3rzy nie maj\u0105 \u017cadnych problem\u00f3w z tym \u015bwiatem, z tym co si\u0119 dzieje na naszych oczach z ludzko\u015bci\u0105 i jej dorobkiem. I moje ksi\u0105\u017cki nie s\u0105 dla tych ludzi. Pr\u00f3buj\u0105c nazwa\u0107 przyczyn\u0119 wielu negatywnych zjawisk, wykorzysta\u0142em takie zdanie: \u201eNIE BUD\u0179CIE BESTII W CZ\u0141OWIEKU, RAZ OBUDZONA NIE COFNIE SI\u0118 PRZED NICZYM\u201d. Taki napis widnia\u0142 w Niemieckim Obozie Koncentracyjnym Auschwitz, tu\u017c po wojnie. Jak ono definiuje to, co dzieje si\u0119 dzisiaj?<\/p>\n<p><strong>Czy nie obudzono bestii? Przyznam, \u017ce nie zna\u0142em tego cytatu. <\/strong><\/p>\n<p>To ksi\u0105\u017cka w jakiej\u015b mierze upowszechnia idee, zdania, pomys\u0142y, opowie\u015bci o innych, w kt\u00f3rych znajdziemy cz\u0105stk\u0119 siebie i odniesienie do uniwersalnych problem\u00f3w. Ksi\u0105\u017cka s\u0142u\u017cy te\u017c mo\u017cliwo\u015bci oderwania si\u0119 od znanej rzeczywisto\u015bci, od codzienno\u015bci i pozwala wej\u015b\u0107 w \u015bwiat nowy, nieznany, st\u0105d powodzenie \u201eW\u0142adcy pier\u015bcieni\u201d.<\/p>\n<p><strong>Nie jest \u0142atwo m\u00f3wi\u0107 o ksi\u0105\u017cce, trzeba j\u0105 przeczyta\u0107.<\/strong> <strong>Jakie masz dalsze plany wydawnicze?<\/strong><\/p>\n<p>Plany zale\u017c\u0105 od dotarcia z kolejnymi napisanymi ksi\u0105\u017ckami, a jest ich kilka, do w\u0142a\u015bciwego Wydawcy.<\/p>\n<p><strong>Kto wyda twoj\u0105 -SPORN\u0104 \u015aLIWK\u0118- powie\u015b\u0107 przygodow\u0105 dla dzieci i m\u0142odzie\u017cy, wyr\u00f3\u017cnion\u0105 w konkursie Guliwera, Wydawnictwa Media Rodzina (wydawc\u0119 Harrego Potera ) i Muza S.A. \u2013\u201eUwierz w si\u0142\u0119 wyobra\u017ani\u201d oraz w konkursie Wydawnictwa Telbit na wsp\u00f3\u0142czesn\u0105 powie\u015b\u0107 dla m\u0142odzie\u017cy?<\/strong><\/p>\n<p>Pozna\u0144ska Oficyna Wydawnicza G&amp;P.<\/p>\n<p><strong>Piszesz o w\u0142asnych prze\u017cyciach?<\/strong><\/p>\n<p>Ka\u017cdy autor w wi\u0119kszym lub mniejszym stopniu czerpie z osobistych do\u015bwiadcze\u0144 i prze\u017cy\u0107, ale bardzo rzadko dochodzi do prostego przeniesienia tych prze\u017cy\u0107 w \u015bwiat literatury powie\u015bciowej; w\u0142asne prze\u017cycia opisuje si\u0119 we wspomnieniach, autobiografii czy dziennikach. Natomiast prze\u017cycia maj\u0105 wp\u0142yw na wszystkie sfery \u017cycia, tak\u017ce na pisanie. Nie by\u0142oby tw\u00f3rczo\u015bci bez przefiltrowania przez samego siebie wszystkiego, co nas spotyka, co\u015bmy us\u0142yszeli, zobaczyli, jakich ludzi spotkali\u015bmy w drodze, tak jak nie by\u0142oby nazwy ulicy bez czego\u015b co za nazw\u0105 si\u0119 kryje.<\/p>\n<p><strong>Co masz na my\u015bli?<\/strong><\/p>\n<p>Mieszka\u0142a tu w Suchym Lesie dziewczyna, kt\u00f3ra dla wielu os\u00f3b by\u0142a wa\u017cnym, dobrym i m\u0105drym znakiem. I zgin\u0119\u0142a w wypadku maj\u0105c 19 lat, kilkadziesi\u0105t ju\u017c lat temu \u2013Ewa Czarniecka, o kt\u00f3rej jako\u015b nie uda\u0142o si\u0119 zapomnie\u0107. Dzi\u0119ki ludzkiej pami\u0119ci, przychylno\u015bci Rady Osiedla i Rady Gminy jedna z ulic Suchego Lasu nosi jej Imi\u0119. Spyta kto\u015b s\u0142usznie: Dlaczego? -Bo Ewa Czarniecka by\u0142a po prostu jednym z najpi\u0119kniejszych kwiat\u00f3w tej ziemi i wzi\u0119\u0142a z \u017cycia najlepsz\u0105 cz\u0105stk\u0119, tak\u0105 te\u017c daj\u0105c innym. Ulica ma dobrego patrona!<\/p>\n<p><strong>Ile czasu potrzeba na napisanie ksi\u0105\u017cki?<\/strong><\/p>\n<p>Ksi\u0105\u017cki pisze si\u0119 przez ca\u0142e \u017cycie, cho\u0107 bywa \u017ce samo napisanie trwa miesi\u0105c, mnie si\u0119 to przydarzy\u0142o. Ja pisz\u0119 g\u0142\u00f3wnie noc\u0105.<\/p>\n<p>Najwa\u017cniejsze jest jednak napisanie dobrej ksi\u0105\u017cki swojego \u017cycia przez ka\u017cdego z nas i to od razu na&#8230; czysto. Niekt\u00f3rym pomagaj\u0105 w tym zasoby bibliotek, do kt\u00f3rych i ja si\u0119 dok\u0142adam.<\/p>\n<p>(WS)<\/p>\n","protected":false},"excerpt":{"rendered":"<p>Drobny powr\u00f3t do przesz\u0142o\u015bci czyli strona do wywiadu ze mn\u0105 na temat 30. rocznicy istnienia Starego Dobrego Ma\u0142\u017ce\u0144stwa sprzed lat bo w 2013 roku POLECAM wszystkim Fanom Krzy\u015bka Myszkowskiego i Jego SDM: https:\/\/www.youtube.com\/watch?v=y1M5QWFNE1I&amp;t=1717s &nbsp; Jestem facetem z czarn\u0105 teczk\u0105 Jestem &hellip; <a href=\"https:\/\/jan.hyjek.pl\/?page_id=258\">Czytaj dalej <span class=\"meta-nav\">&rarr;<\/span><\/a><\/p>\n","protected":false},"author":1,"featured_media":0,"parent":0,"menu_order":0,"comment_status":"closed","ping_status":"closed","template":"onecolumn-page.php","meta":{"footnotes":""},"class_list":["post-258","page","type-page","status-publish","hentry"],"_links":{"self":[{"href":"https:\/\/jan.hyjek.pl\/index.php?rest_route=\/wp\/v2\/pages\/258","targetHints":{"allow":["GET"]}}],"collection":[{"href":"https:\/\/jan.hyjek.pl\/index.php?rest_route=\/wp\/v2\/pages"}],"about":[{"href":"https:\/\/jan.hyjek.pl\/index.php?rest_route=\/wp\/v2\/types\/page"}],"author":[{"embeddable":true,"href":"https:\/\/jan.hyjek.pl\/index.php?rest_route=\/wp\/v2\/users\/1"}],"replies":[{"embeddable":true,"href":"https:\/\/jan.hyjek.pl\/index.php?rest_route=%2Fwp%2Fv2%2Fcomments&post=258"}],"version-history":[{"count":51,"href":"https:\/\/jan.hyjek.pl\/index.php?rest_route=\/wp\/v2\/pages\/258\/revisions"}],"predecessor-version":[{"id":1453,"href":"https:\/\/jan.hyjek.pl\/index.php?rest_route=\/wp\/v2\/pages\/258\/revisions\/1453"}],"wp:attachment":[{"href":"https:\/\/jan.hyjek.pl\/index.php?rest_route=%2Fwp%2Fv2%2Fmedia&parent=258"}],"curies":[{"name":"wp","href":"https:\/\/api.w.org\/{rel}","templated":true}]}}